{"id":64,"date":"2025-09-17T10:40:40","date_gmt":"2025-09-17T07:40:40","guid":{"rendered":"https:\/\/imetys.fi\/imetysuutisia\/?page_id=64"},"modified":"2025-09-29T10:13:34","modified_gmt":"2025-09-29T07:13:34","slug":"etusivu","status":"publish","type":"page","link":"https:\/\/imetys.fi\/imetyselamaa\/","title":{"rendered":"Etusivu"},"content":{"rendered":"<section class=\"post-sticky\"><article><a class=\"\" href=\"https:\/\/imetys.fi\/imetyselamaa\/kihlstrom-seksuaalisuus-vauva-aikana\/\"><div class=\"post-thumbnail\"><img decoding=\"async\" width=\"640\" height=\"426\" src=\"https:\/\/imetys.fi\/imetyselamaa\/wp-content\/uploads\/2025\/09\/20240822MariaK16_3108-1024x682.jpg\" class=\"attachment-large size-large wp-post-image\" alt=\"Marja Kihlstr\u00f6m.\" fetchpriority=\"high\" data-no-lazy=\"1\" srcset=\"https:\/\/imetys.fi\/imetyselamaa\/wp-content\/uploads\/2025\/09\/20240822MariaK16_3108-1024x682.jpg 1024w, https:\/\/imetys.fi\/imetyselamaa\/wp-content\/uploads\/2025\/09\/20240822MariaK16_3108-300x200.jpg 300w, https:\/\/imetys.fi\/imetyselamaa\/wp-content\/uploads\/2025\/09\/20240822MariaK16_3108-768x512.jpg 768w, https:\/\/imetys.fi\/imetyselamaa\/wp-content\/uploads\/2025\/09\/20240822MariaK16_3108.jpg 1400w\" sizes=\"(max-width: 640px) 100vw, 640px\" \/><\/div><div class=\"grid-content\"><div class=\"post-categories\"><span>Asiaa<\/span>, <span>Tarina<\/span><\/div><h2 class=\"entry-title\">Erityistason seksuaali&shy;terapeutti Marja Kihlstr\u00f6m: &#8221;On hyv\u00e4ksi, ett\u00e4 oksitosiinia virtaa vauva-aikana my\u00f6s parisuhteessa&#8221;<\/h2><div class=\"entry-meta\"> <span class=\"byline\"><span class=\"author vcard\">Saana Sj\u00f6blom-Hasselblatt<\/span><\/span><\/div><p class=\"excerpt\">Vuosia imett\u00e4neen Marja Kihlstr\u00f6min tuli opeteltua vasta toisen lapsen kohdalla sit\u00e4, miten tasapainoilla vauvan ja miehen v\u00e4lill\u00e4.<\/p><\/div><\/a><\/article><\/section><hr><section class=\"post-grid\"><article class=\"\"><a href=\"https:\/\/imetys.fi\/imetyselamaa\/imetys-koko-perheen-yhteinen-juttu\/\"><div class=\"post-thumbnail\"><img decoding=\"async\" width=\"300\" height=\"200\" src=\"https:\/\/imetys.fi\/imetyselamaa\/wp-content\/uploads\/2025\/12\/shutterstock_1267430194_pieni-300x200.jpg\" class=\"attachment-medium size-medium wp-post-image\" alt=\"Harmaapaitainen is\u00e4 pit\u00e4\u00e4 syliss\u00e4 hamuilevaa vastasyntynytt\u00e4.\" fetchpriority=\"low\" srcset=\"https:\/\/imetys.fi\/imetyselamaa\/wp-content\/uploads\/2025\/12\/shutterstock_1267430194_pieni-300x200.jpg 300w, https:\/\/imetys.fi\/imetyselamaa\/wp-content\/uploads\/2025\/12\/shutterstock_1267430194_pieni-1024x683.jpg 1024w, https:\/\/imetys.fi\/imetyselamaa\/wp-content\/uploads\/2025\/12\/shutterstock_1267430194_pieni-768x512.jpg 768w, https:\/\/imetys.fi\/imetyselamaa\/wp-content\/uploads\/2025\/12\/shutterstock_1267430194_pieni.jpg 1200w\" sizes=\"(max-width: 300px) 100vw, 300px\" \/><div class=\"post-categories\"><span>Asiaa<\/span> <span>N\u00e4k\u00f6kulma<\/span><\/div><\/div><div class=\"grid-content\"><h2 class=\"entry-title\">Imetys &#8211; koko perheen yhteinen juttu<\/h2><div class=\"entry-meta\"> <span class=\"byline\"><span class=\"author vcard\">Eveliina Peltokangas-Pesonen<\/span><\/span><\/div><\/div><\/a><\/article><article class=\"\"><a href=\"https:\/\/imetys.fi\/imetyselamaa\/korvikekoodi-yha-ajankohtainen-digitalisoituvassa-maailmassa\/\"><div class=\"post-thumbnail\"><img decoding=\"async\" width=\"300\" height=\"200\" src=\"https:\/\/imetys.fi\/imetyselamaa\/wp-content\/uploads\/2025\/10\/shutterstock-_DGLimages_312444602_pieni-300x200.jpg\" class=\"attachment-medium size-medium wp-post-image\" alt=\"L\u00e4hikuva vauvasta, joka nukkuu keltaisen viltin alla vanhemman rinnan p\u00e4\u00e4ll\u00e4.\" fetchpriority=\"low\" srcset=\"https:\/\/imetys.fi\/imetyselamaa\/wp-content\/uploads\/2025\/10\/shutterstock-_DGLimages_312444602_pieni-300x200.jpg 300w, https:\/\/imetys.fi\/imetyselamaa\/wp-content\/uploads\/2025\/10\/shutterstock-_DGLimages_312444602_pieni-1024x683.jpg 1024w, https:\/\/imetys.fi\/imetyselamaa\/wp-content\/uploads\/2025\/10\/shutterstock-_DGLimages_312444602_pieni-768x512.jpg 768w, https:\/\/imetys.fi\/imetyselamaa\/wp-content\/uploads\/2025\/10\/shutterstock-_DGLimages_312444602_pieni.jpg 1200w\" sizes=\"(max-width: 300px) 100vw, 300px\" \/><div class=\"post-categories\"><span>Asiaa<\/span><\/div><\/div><div class=\"grid-content\"><h2 class=\"entry-title\">Korvikekoodi \u2013 yh\u00e4 ajankohtainen digitalisoituvassa maailmassa<\/h2><div class=\"entry-meta\"> <span class=\"byline\"><span class=\"author vcard\">Eveliina Peltokangas-Pesonen<\/span><\/span><\/div><\/div><\/a><\/article><article class=\"\"><a href=\"https:\/\/imetys.fi\/imetyselamaa\/arki-muuttuu-imetys-jatkuu\/\"><div class=\"post-thumbnail\"><img decoding=\"async\" width=\"300\" height=\"200\" src=\"https:\/\/imetys.fi\/imetyselamaa\/wp-content\/uploads\/2025\/09\/Kopio-tiedostosta-iStock-1157319426-300x200.jpg\" class=\"attachment-medium size-medium wp-post-image\" alt=\"\" fetchpriority=\"low\" srcset=\"https:\/\/imetys.fi\/imetyselamaa\/wp-content\/uploads\/2025\/09\/Kopio-tiedostosta-iStock-1157319426-300x200.jpg 300w, https:\/\/imetys.fi\/imetyselamaa\/wp-content\/uploads\/2025\/09\/Kopio-tiedostosta-iStock-1157319426-1024x684.jpg 1024w, https:\/\/imetys.fi\/imetyselamaa\/wp-content\/uploads\/2025\/09\/Kopio-tiedostosta-iStock-1157319426-768x513.jpg 768w, https:\/\/imetys.fi\/imetyselamaa\/wp-content\/uploads\/2025\/09\/Kopio-tiedostosta-iStock-1157319426.jpg 1400w\" sizes=\"(max-width: 300px) 100vw, 300px\" \/><div class=\"post-categories\"><span>N\u00e4k\u00f6kulma<\/span><\/div><\/div><div class=\"grid-content\"><h2 class=\"entry-title\">Perhevapaa p\u00e4\u00e4ttyy \u2013 imetys jatkuu<\/h2><div class=\"entry-meta\"> <span class=\"byline\"><span class=\"author vcard\">Niina P\u00f6yh\u00f6nen<\/span><\/span><\/div><\/div><\/a><\/article><article class=\"\"><a href=\"https:\/\/imetys.fi\/imetyselamaa\/liisa-ansio\/\"><div class=\"post-thumbnail\"><img decoding=\"async\" width=\"300\" height=\"269\" src=\"https:\/\/imetys.fi\/imetyselamaa\/wp-content\/uploads\/2025\/09\/Liisa-Ansio-Suvi-Suni-e1758189150919-300x269.jpg\" class=\"attachment-medium size-medium wp-post-image\" alt=\"\" fetchpriority=\"low\" srcset=\"https:\/\/imetys.fi\/imetyselamaa\/wp-content\/uploads\/2025\/09\/Liisa-Ansio-Suvi-Suni-e1758189150919-300x269.jpg 300w, https:\/\/imetys.fi\/imetyselamaa\/wp-content\/uploads\/2025\/09\/Liisa-Ansio-Suvi-Suni-e1758189150919-768x688.jpg 768w, https:\/\/imetys.fi\/imetyselamaa\/wp-content\/uploads\/2025\/09\/Liisa-Ansio-Suvi-Suni-e1758189150919.jpg 930w\" sizes=\"(max-width: 300px) 100vw, 300px\" \/><div class=\"post-categories\"><span>Tarina<\/span><\/div><\/div><div class=\"grid-content\"><h2 class=\"entry-title\">Imetysuutisten entinen p\u00e4\u00e4toimittaja Liisa Ansio: \u201dImetys on hyvinvointiasia, jonka vaikutukset ovat monitahoisia\u201d<\/h2><div class=\"entry-meta\"> <span class=\"byline\"><span class=\"author vcard\">Saana Sj\u00f6blom-Hasselblatt<\/span><\/span><\/div><\/div><\/a><\/article><article class=\"hide-mobile\"><a href=\"https:\/\/imetys.fi\/imetyselamaa\/se-tavallinen-tarina\/\"><div class=\"post-thumbnail\"><img decoding=\"async\" width=\"300\" height=\"225\" src=\"https:\/\/imetys.fi\/imetyselamaa\/wp-content\/uploads\/2025\/09\/20250923_110810-300x225.jpg\" class=\"attachment-medium size-medium wp-post-image\" alt=\"\" fetchpriority=\"low\" srcset=\"https:\/\/imetys.fi\/imetyselamaa\/wp-content\/uploads\/2025\/09\/20250923_110810-300x225.jpg 300w, https:\/\/imetys.fi\/imetyselamaa\/wp-content\/uploads\/2025\/09\/20250923_110810-1024x768.jpg 1024w, https:\/\/imetys.fi\/imetyselamaa\/wp-content\/uploads\/2025\/09\/20250923_110810-768x576.jpg 768w, https:\/\/imetys.fi\/imetyselamaa\/wp-content\/uploads\/2025\/09\/20250923_110810.jpg 1400w\" sizes=\"(max-width: 300px) 100vw, 300px\" \/><div class=\"post-categories\"><span>Tarina<\/span><\/div><\/div><div class=\"grid-content\"><h2 class=\"entry-title\">Imetysuutisten taittajan Riikka Helakisan tarina Itu:ssa \u2013 Se tavallinen tarina<\/h2><div class=\"entry-meta\"> <span class=\"byline\"><span class=\"author vcard\">Johanna Mitjonen-Arino<\/span><\/span><\/div><\/div><\/a><\/article><article class=\"hide-mobile\"><a href=\"https:\/\/imetys.fi\/imetyselamaa\/imetyksen-tuki-lukuina-2025\/\"><div class=\"post-thumbnail\"><img decoding=\"async\" width=\"300\" height=\"200\" src=\"https:\/\/imetys.fi\/imetyselamaa\/wp-content\/uploads\/2025\/09\/iStock-927042508-300x200.jpg\" class=\"attachment-medium size-medium wp-post-image\" alt=\"\" fetchpriority=\"low\" srcset=\"https:\/\/imetys.fi\/imetyselamaa\/wp-content\/uploads\/2025\/09\/iStock-927042508-300x200.jpg 300w, https:\/\/imetys.fi\/imetyselamaa\/wp-content\/uploads\/2025\/09\/iStock-927042508-1024x682.jpg 1024w, https:\/\/imetys.fi\/imetyselamaa\/wp-content\/uploads\/2025\/09\/iStock-927042508-768x512.jpg 768w, https:\/\/imetys.fi\/imetyselamaa\/wp-content\/uploads\/2025\/09\/iStock-927042508.jpg 1400w\" sizes=\"(max-width: 300px) 100vw, 300px\" \/><div class=\"post-categories\"><span>N\u00e4k\u00f6kulma<\/span><\/div><\/div><div class=\"grid-content\"><h2 class=\"entry-title\">Imetyksen tuki antaa tukea puolelle Suomen vauva&shy;perheist\u00e4 vuosittain<\/h2><div class=\"entry-meta\"> <span class=\"byline\"><span class=\"author vcard\">Imetyksen tuki<\/span><\/span><\/div><\/div><\/a><\/article><article class=\"hide-mobile\"><a href=\"https:\/\/imetys.fi\/imetyselamaa\/imetyksen-vuosisata-1940-50-luvut\/\"><div class=\"post-thumbnail\"><img decoding=\"async\" width=\"300\" height=\"231\" src=\"https:\/\/imetys.fi\/imetyselamaa\/wp-content\/uploads\/2025\/09\/historia40-50_2-300x231.jpg\" class=\"attachment-medium size-medium wp-post-image\" alt=\"\" fetchpriority=\"low\" srcset=\"https:\/\/imetys.fi\/imetyselamaa\/wp-content\/uploads\/2025\/09\/historia40-50_2-300x231.jpg 300w, https:\/\/imetys.fi\/imetyselamaa\/wp-content\/uploads\/2025\/09\/historia40-50_2-1024x789.jpg 1024w, https:\/\/imetys.fi\/imetyselamaa\/wp-content\/uploads\/2025\/09\/historia40-50_2-768x592.jpg 768w, https:\/\/imetys.fi\/imetyselamaa\/wp-content\/uploads\/2025\/09\/historia40-50_2.jpg 1323w\" sizes=\"(max-width: 300px) 100vw, 300px\" \/><div class=\"post-categories\"><span>Asiaa<\/span><\/div><\/div><div class=\"grid-content\"><h2 class=\"entry-title\">1940\u201350-luku: Imetys sodan ja j\u00e4lleen&shy;rakennuksen vuosi&shy;kymmenin\u00e4<\/h2><div class=\"entry-meta\"> <span class=\"byline\"><span class=\"author vcard\">Niina P\u00f6yh\u00f6nen<\/span><\/span><\/div><\/div><\/a><\/article><article class=\"hide-mobile\"><a href=\"https:\/\/imetys.fi\/imetyselamaa\/imetyksen-vuosisata-1920-30-luvut\/\"><div class=\"post-thumbnail\"><img decoding=\"async\" width=\"300\" height=\"199\" src=\"https:\/\/imetys.fi\/imetyselamaa\/wp-content\/uploads\/2025\/09\/historia20-30_2-300x199.jpg\" class=\"attachment-medium size-medium wp-post-image\" alt=\"\" fetchpriority=\"low\" srcset=\"https:\/\/imetys.fi\/imetyselamaa\/wp-content\/uploads\/2025\/09\/historia20-30_2-300x199.jpg 300w, https:\/\/imetys.fi\/imetyselamaa\/wp-content\/uploads\/2025\/09\/historia20-30_2-1024x678.jpg 1024w, https:\/\/imetys.fi\/imetyselamaa\/wp-content\/uploads\/2025\/09\/historia20-30_2-768x509.jpg 768w, https:\/\/imetys.fi\/imetyselamaa\/wp-content\/uploads\/2025\/09\/historia20-30_2.jpg 1264w\" sizes=\"(max-width: 300px) 100vw, 300px\" \/><div class=\"post-categories\"><span>Asiaa<\/span><\/div><\/div><div class=\"grid-content\"><h2 class=\"entry-title\">1920\u201330-luku: Imetys&shy;valistuksella ja neuvola&shy;toiminnalla lapsi&shy;kuolleisuus laskuun<\/h2><div class=\"entry-meta\"> <span class=\"byline\"><span class=\"author vcard\">Niina P\u00f6yh\u00f6nen<\/span><\/span><\/div><\/div><\/a><\/article><\/section>\n\n\n\n<hr class=\"wp-block-separator has-alpha-channel-opacity\"\/>\n\n\n<section class=\"post-nosto\"><article><a href=\"https:\/\/imetys.fi\/imetyselamaa\/mika-on-imetystaelamaa\/\"><div class=\"post-categories\"><span>Toimitus<\/span><\/div><div class=\"post-thumbnail\"><img decoding=\"async\" width=\"300\" height=\"206\" src=\"https:\/\/imetys.fi\/imetyselamaa\/wp-content\/uploads\/2025\/09\/i-e-mobiili-300x206.jpg\" class=\"attachment-medium size-medium wp-post-image\" alt=\"\" fetchpriority=\"low\" srcset=\"https:\/\/imetys.fi\/imetyselamaa\/wp-content\/uploads\/2025\/09\/i-e-mobiili-300x206.jpg 300w, https:\/\/imetys.fi\/imetyselamaa\/wp-content\/uploads\/2025\/09\/i-e-mobiili-1024x701.jpg 1024w, https:\/\/imetys.fi\/imetyselamaa\/wp-content\/uploads\/2025\/09\/i-e-mobiili-768x526.jpg 768w, https:\/\/imetys.fi\/imetyselamaa\/wp-content\/uploads\/2025\/09\/i-e-mobiili.jpg 1400w\" sizes=\"(max-width: 300px) 100vw, 300px\" \/><\/div><div class=\"grid-content\"><h2 class=\"entry-title\">Mik\u00e4 on Imetyst\u00e4 &amp; El\u00e4m\u00e4\u00e4?<\/h2><div class=\"entry-meta\"> <span class=\"byline\"><span class=\"author vcard\">Imetyksen tuki<\/span><\/span><\/div><p class=\"excerpt\">Imetyst\u00e4 & El\u00e4m\u00e4\u00e4 on Imetyksen tuki ry:n uusi imetysaiheinen verkkolehti, joka seuraa rakastetun Imetysuutisia-lehden jalanj\u00e4ljiss\u00e4. Imetyst\u00e4 & El\u00e4m\u00e4\u00e4 julkaisee jatkossa niin vanhoja Imetysuutisten toiveartikkeleita kuin ihan uusiakin juttuja.<\/p><\/div><\/a><\/article><article><a href=\"https:\/\/imetys.fi\/imetyselamaa\/vertaistuki-taskussa-on-kevyempi-kulkea\/\"><div class=\"post-categories\"><span>Toimitus<\/span><\/div><div class=\"post-thumbnail\"><img decoding=\"async\" width=\"300\" height=\"269\" src=\"https:\/\/imetys.fi\/imetyselamaa\/wp-content\/uploads\/2025\/09\/IMG_9509-e1758187455754-300x269.jpg\" class=\"attachment-medium size-medium wp-post-image\" alt=\"\" fetchpriority=\"low\" srcset=\"https:\/\/imetys.fi\/imetyselamaa\/wp-content\/uploads\/2025\/09\/IMG_9509-e1758187455754-300x269.jpg 300w, https:\/\/imetys.fi\/imetyselamaa\/wp-content\/uploads\/2025\/09\/IMG_9509-e1758187455754-768x688.jpg 768w, https:\/\/imetys.fi\/imetyselamaa\/wp-content\/uploads\/2025\/09\/IMG_9509-e1758187455754.jpg 926w\" sizes=\"(max-width: 300px) 100vw, 300px\" \/><\/div><div class=\"grid-content\"><h2 class=\"entry-title\">Vertaistuki taskussa on kevyempi kulkea<\/h2><div class=\"entry-meta\"> <span class=\"byline\"><span class=\"author vcard\">Saana Sj\u00f6blom-Hasselblatt<\/span><\/span><\/div><p class=\"excerpt\">Y\u00f6n viides her\u00e4tys koittaa enk\u00e4 meinaa mill\u00e4\u00e4n pysy\u00e4 hereill\u00e4 vauvan sy\u00f6t\u00f6n ajan. Tuijotan y\u00f6n pimeytt\u00e4 rinnanp\u00e4\u00e4t ruvella tihe\u00e4n imun kaudesta [&hellip;]<\/p><\/div><\/a><\/article><\/section>\n","protected":false},"excerpt":{"rendered":"","protected":false},"author":1,"featured_media":0,"parent":0,"menu_order":0,"comment_status":"closed","ping_status":"closed","template":"","meta":{"footnotes":""},"class_list":["post-64","page","type-page","status-publish","hentry"],"_links":{"self":[{"href":"https:\/\/imetys.fi\/imetyselamaa\/wp-json\/wp\/v2\/pages\/64","targetHints":{"allow":["GET"]}}],"collection":[{"href":"https:\/\/imetys.fi\/imetyselamaa\/wp-json\/wp\/v2\/pages"}],"about":[{"href":"https:\/\/imetys.fi\/imetyselamaa\/wp-json\/wp\/v2\/types\/page"}],"author":[{"embeddable":true,"href":"https:\/\/imetys.fi\/imetyselamaa\/wp-json\/wp\/v2\/users\/1"}],"replies":[{"embeddable":true,"href":"https:\/\/imetys.fi\/imetyselamaa\/wp-json\/wp\/v2\/comments?post=64"}],"version-history":[{"count":12,"href":"https:\/\/imetys.fi\/imetyselamaa\/wp-json\/wp\/v2\/pages\/64\/revisions"}],"predecessor-version":[{"id":285,"href":"https:\/\/imetys.fi\/imetyselamaa\/wp-json\/wp\/v2\/pages\/64\/revisions\/285"}],"wp:attachment":[{"href":"https:\/\/imetys.fi\/imetyselamaa\/wp-json\/wp\/v2\/media?parent=64"}],"curies":[{"name":"wp","href":"https:\/\/api.w.org\/{rel}","templated":true}]}}